{"id":17,"date":"2016-03-01T14:10:57","date_gmt":"2016-03-01T13:10:57","guid":{"rendered":"http:\/\/arsandart.de\/cms\/?page_id=17"},"modified":"2024-07-11T13:39:20","modified_gmt":"2024-07-11T11:39:20","slug":"musik","status":"publish","type":"page","link":"https:\/\/arsandart.de\/cms\/musik\/","title":{"rendered":"Musik"},"content":{"rendered":"\n<p class=\"has-large-font-size\"><strong><mark style=\"background-color:rgba(0, 0, 0, 0)\" class=\"has-inline-color has-black-color\">202<\/mark><\/strong>4<\/p>\n\n\n\n<p>Neues Projekt  <mark style=\"background-color:rgba(0, 0, 0, 0)\" class=\"has-inline-color has-vivid-red-color\"><strong>Silvester Alone<\/strong><\/mark><\/p>\n\n\n\n<p>Indierock zusammen mit Marco Marschner und Friedrich K\u00f6rner<\/p>\n\n\n\n<p><\/p>\n\n\n\n<p>Zum S\u00e4ngerfest am Sonnabend, 25. August 2024<\/p>\n\n\n\n<p>Club L86 \/ Finsterwalde \/ Oscar Kjellberg Stra\u00dfe<\/p>\n\n\n\n<p><\/p>\n\n\n\n<figure class=\"wp-block-gallery has-nested-images columns-default is-cropped wp-block-gallery-1 is-layout-flex wp-block-gallery-is-layout-flex\">\n<figure class=\"wp-block-image size-large\"><img loading=\"lazy\" decoding=\"async\" width=\"720\" height=\"509\" data-id=\"1831\" src=\"https:\/\/arsandart.de\/cms\/wp-content\/uploads\/2024\/07\/photo_2024-07-04_10-14-46.jpg\" alt=\"\" class=\"wp-image-1831\" srcset=\"https:\/\/arsandart.de\/cms\/wp-content\/uploads\/2024\/07\/photo_2024-07-04_10-14-46.jpg 720w, https:\/\/arsandart.de\/cms\/wp-content\/uploads\/2024\/07\/photo_2024-07-04_10-14-46-300x212.jpg 300w\" sizes=\"auto, (max-width: 720px) 100vw, 720px\" \/><\/figure>\n<\/figure>\n\n\n\n<p><\/p>\n\n\n\n<p><\/p>\n\n\n\n<p><\/p>\n\n\n\n<p>2023<\/p>\n\n\n\n<figure class=\"wp-block-image size-large is-resized\"><img loading=\"lazy\" decoding=\"async\" src=\"https:\/\/arsandart.de\/cms\/wp-content\/uploads\/2023\/06\/cocoloco-1024x910.jpg\" alt=\"\" class=\"wp-image-1677\" width=\"222\" height=\"197\" srcset=\"https:\/\/arsandart.de\/cms\/wp-content\/uploads\/2023\/06\/cocoloco-1024x910.jpg 1024w, https:\/\/arsandart.de\/cms\/wp-content\/uploads\/2023\/06\/cocoloco-300x267.jpg 300w, https:\/\/arsandart.de\/cms\/wp-content\/uploads\/2023\/06\/cocoloco-768x683.jpg 768w, https:\/\/arsandart.de\/cms\/wp-content\/uploads\/2023\/06\/cocoloco-960x854.jpg 960w, https:\/\/arsandart.de\/cms\/wp-content\/uploads\/2023\/06\/cocoloco.jpg 1280w\" sizes=\"auto, (max-width: 222px) 100vw, 222px\" \/><figcaption class=\"wp-element-caption\">COCOLOCO \nCOMPILATION<\/figcaption><\/figure>\n\n\n\n<p><\/p>\n\n\n\n<p><strong>In den ersten Junitagen 2023 erschien die CD des Cocoloco - Collectives, eine Sammlung von Songs, Bands, Projekten von Musikerinnen und Musikern aus und um Finsterwalde. Ein famoser Sampler, welcher eine erstaunliche Bandbreite und Qulit\u00e4t von musikalischen Sch\u00f6pfungen auff\u00fchrt, die man in der Provinz so vielleicht nicht erwarten w\u00fcrde. Nach mehr als zwei Jahren ist diese Idee Wirklichkeit geworden und nun liegt diese CD vor. Dank der vortrefflichen Arbeit von Friedrich K\u00f6rner, der sich um s\u00e4mtliche Belange gek\u00fcmmert hat! \u00dcber die M\u00f6glichkeiten des Erwerbs dieser CD informiere ich in der n\u00e4chsten Zeit.<\/strong> <\/p>\n\n\n\n<p>Mit dabei sind sowohl die <strong>CLOUS W\u00d8LKE<\/strong> <strong>BAND<\/strong> als auch mein minimalelektronisches Projekt <strong>JER\u00c4\u00c4T<\/strong>.<\/p>\n\n\n\n<p><\/p>\n\n\n\n<p><\/p>\n\n\n\n<p><\/p>\n\n\n\n<p><\/p>\n\n\n\n<p>Mit dabei sind sowohl die <strong>CLOUS W\u00d8LKE<\/strong> <strong>BAND<\/strong> als auch mein minimalelektronisches Projekt <strong>JER\u00c4\u00c4T<\/strong>.<\/p>\n\n\n\n<p><\/p>\n\n\n\n<p><\/p>\n\n\n\n<h2 class=\"wp-block-heading\"><strong>202<\/strong>1<\/h2>\n\n\n\n<h3 class=\"wp-block-heading\">Am 10. Oktober erschien die erste LP der CLOUS W\u00d8LKE BAND.<\/h3>\n\n\n\n<p><strong>Zu H\u00f6ren ist die LP unter: <\/strong>&nbsp; <a rel=\"noreferrer noopener\" href=\"https:\/\/clouswoelkeband.bandcamp.com\/\" target=\"_blank\">https:\/\/clouswoelkeband.bandcamp.com\/<\/a><\/p>\n\n\n\n<p>Aufgenommen 2018 \/ 2019 im Workshop der Band in Finsterwalde.<\/p>\n\n\n\n<p>Jan Seidel: Bass und Gesang<\/p>\n\n\n\n<p>Marco Marschner: Gitarre<\/p>\n\n\n\n<p>Jean Schulze: Schlagzeug<\/p>\n\n\n\n<p>Sebastian Arsand: Synthis, Organ , Elektronika<\/p>\n\n\n\n<hr class=\"wp-block-separator has-css-opacity\"\/>\n\n\n\n<h2 class=\"wp-block-heading\"><strong>2020<\/strong><\/h2>\n\n\n\n<p>19. September<\/p>\n\n\n\n<p>Auftritt im Kreismuseum Finsterwalde&nbsp; I&nbsp; Austellungser\u00f6ffnung&nbsp; \"LEKET ROOMS\" \/ Sebastian Arsand<\/p>\n\n\n\n<hr class=\"wp-block-separator has-css-opacity\"\/>\n\n\n\n<h2 class=\"wp-block-heading\"><strong>2019<\/strong><\/h2>\n\n\n\n<h2 class=\"wp-block-heading\"><strong>CLOUS W\u00d8LKE (Band)<\/strong><\/h2>\n\n\n\n<p>30. November I&nbsp; L 86 I&nbsp; Finsterwalde.<\/p>\n\n\n\n<hr class=\"wp-block-separator has-css-opacity\"\/>\n\n\n\n<h2 class=\"wp-block-heading\"><strong>2018<\/strong><\/h2>\n\n\n\n<h2 class=\"wp-block-heading\"><strong>CLOUS W\u00d8LKE (BAND)<\/strong><\/h2>\n\n\n\n<p>CLOUS R\u00d8CK<\/p>\n\n\n<div class=\"wp-block-image wp-image-607\">\n<figure class=\"alignleft\"><img loading=\"lazy\" decoding=\"async\" width=\"300\" height=\"199\" src=\"http:\/\/arsandart.de\/cms\/wp-content\/uploads\/2016\/03\/1-300x199.jpg\" alt=\"Fifty Miles In Twanty Days (Oktober 2017)\" class=\"wp-image-607\" srcset=\"https:\/\/arsandart.de\/cms\/wp-content\/uploads\/2016\/03\/1-300x199.jpg 300w, https:\/\/arsandart.de\/cms\/wp-content\/uploads\/2016\/03\/1-768x510.jpg 768w, https:\/\/arsandart.de\/cms\/wp-content\/uploads\/2016\/03\/1-1024x680.jpg 1024w, https:\/\/arsandart.de\/cms\/wp-content\/uploads\/2016\/03\/1-960x638.jpg 960w\" sizes=\"auto, (max-width: 300px) 100vw, 300px\" \/><figcaption class=\"wp-element-caption\"><strong><em><strong>CLOUS W\u00d8LKE BAND<\/strong>&nbsp; (Oktober <\/em><\/strong><em>2017) vlnr.: Marco Marschner, Jean Schulze, Sebastian Arsand, Jan Seidel<\/em><\/figcaption><\/figure><\/div>\n\n\n<p><\/p>\n\n\n\n<p><\/p>\n\n\n\n<p><\/p>\n\n\n\n<p><\/p>\n\n\n\n<p><\/p>\n\n\n\n<p><\/p>\n\n\n\n<h2 class=\"wp-block-heading\">&nbsp;<\/h2>\n\n\n\n<p><strong>30. August 2019&nbsp; FREAKY BUKOWK FESTIVAL (ehemals \"Landflucht\"&nbsp; Festival), Bukow bei Spremberg<\/strong><\/p>\n\n\n\n<p><strong>27. Oktober 2018,&nbsp; Club L86 ,&nbsp; Finsterwalde<\/strong><\/p>\n\n\n\n<p><strong>29. September 2018, Sch\u00fctzenhaus Finsterwalde<\/strong><\/p>\n\n\n\n<hr class=\"wp-block-separator has-css-opacity\"\/>\n\n\n\n<h2 class=\"wp-block-heading\"><strong>JER\u00c4\u00c4T<\/strong><\/h2>\n\n\n\n<h2 class=\"wp-block-heading\"><strong>2017 (II)<\/strong><\/h2>\n\n\n\n<p>musikalisches Projekt f\u00fcr den Wandel in minimal - elektronischen Welten.<\/p>\n\n\n\n<h2 class=\"wp-block-heading\"><strong>JER\u00c4\u00c4T<\/strong>&nbsp; Dizzgoo (and Chill Out)<\/h2>\n\n\n\n<figure class=\"wp-block-image size-medium\"><img loading=\"lazy\" decoding=\"async\" width=\"300\" height=\"280\" src=\"https:\/\/arsandart.de\/cms\/wp-content\/uploads\/2016\/03\/Jer\u00e4\u00e4t-300x280.jpg\" alt=\"\" class=\"wp-image-669\" srcset=\"https:\/\/arsandart.de\/cms\/wp-content\/uploads\/2016\/03\/Jer\u00e4\u00e4t-300x280.jpg 300w, https:\/\/arsandart.de\/cms\/wp-content\/uploads\/2016\/03\/Jer\u00e4\u00e4t.jpg 514w\" sizes=\"auto, (max-width: 300px) 100vw, 300px\" \/><\/figure>\n\n\n\n<p><strong>Am 19. Dezember 2017 erschien der erste Longplayer meines Electroprojekts JER\u00c4\u00c4T auf k\u00fcchenhexe records. Neun neue Songs zwischen Dance und Chillout...<\/strong><\/p>\n\n\n\n<h3 class=\"wp-block-heading\"><strong>Eik\u014dn h\u0113 lithos&nbsp;&nbsp;&nbsp;&nbsp;&nbsp;&nbsp;&nbsp;&nbsp;&nbsp;&nbsp;&nbsp;&nbsp;&nbsp;&nbsp;&nbsp;&nbsp;&nbsp;&nbsp;&nbsp;&nbsp;&nbsp;&nbsp;&nbsp;&nbsp;&nbsp;&nbsp;&nbsp;&nbsp;&nbsp;&nbsp;&nbsp;&nbsp;&nbsp;&nbsp;<\/strong><br><strong>eimi; tith\u0113si me<\/strong><br><strong>Seikilos entha<\/strong><br><strong>mn\u0113m\u0113s athanatou<\/strong><br><strong>s\u0113ma polychronion<\/strong><\/h3>\n\n\n\n<h3 class=\"wp-block-heading\"><strong>Solange du lebst, tritt auch in Erscheinung.<\/strong><br><strong>Traure \u00fcber nichts zu viel.<\/strong><br><strong>Eine kurze Frist bleibt zum Leben.<\/strong><br><strong>Das Ende bringt die Zeit von selbst.&nbsp;<\/strong><\/h3>\n\n\n\n<h5 class=\"wp-block-heading\">(Seikilos Epitaph)<\/h5>\n\n\n\n<hr class=\"wp-block-separator has-css-opacity\"\/>\n\n\n\n<h2 class=\"wp-block-heading\"><strong>JER\u00c4\u00c4T<\/strong><\/h2>\n\n\n\n<h2 class=\"wp-block-heading\"><strong>2017 (I)<\/strong><\/h2>\n\n\n\n<p><strong>Am 24. Juli 2017 erschien die \"R\u00f6df\u00e4rg EP\" meines Elektro Projekts JER\u00c4\u00c4T.<\/strong><\/p>\n\n\n\n<p>Alle&nbsp; 3 neuen St\u00fccke entstanden im Juni diesen Jahres und sie befinden sich wieder auf einer Mini CD. Zus\u00e4tzlich gibt es noch eine weitere Mini CD mit einem weiteren Song und einem Remix. Das alles erscheint bei k\u00fcchenhexe records, ist auf 50 St\u00fcck limitiert.<\/p>\n\n\n\n<p>Es gibt wieder minimalistisch - &nbsp;elektronische Kl\u00e4nge zu Samples einer Schwedenreise unter (musikalischer) Verarbeitung der Farbe Rot (r\u00f6d).<\/p>\n\n\n\n<p>Der Juni 2017 stand im Angesicht des Rot!<\/p>\n\n\n\n<hr class=\"wp-block-separator has-css-opacity\"\/>\n\n\n\n<h2 class=\"wp-block-heading\"><strong>2016 <\/strong><\/h2>\n\n\n\n<h2 class=\"wp-block-heading\"><strong>JER\u00c4\u00c4T<\/strong><\/h2>\n\n\n<div class=\"wp-block-image\">\n<figure class=\"alignleft size-medium\"><img loading=\"lazy\" decoding=\"async\" width=\"297\" height=\"300\" src=\"https:\/\/arsandart.de\/cms\/wp-content\/uploads\/2016\/12\/Kalter-Kaffe-2-297x300.jpg\" alt=\"\" class=\"wp-image-349\" srcset=\"https:\/\/arsandart.de\/cms\/wp-content\/uploads\/2016\/12\/Kalter-Kaffe-2-297x300.jpg 297w, https:\/\/arsandart.de\/cms\/wp-content\/uploads\/2016\/12\/Kalter-Kaffe-2.jpg 390w\" sizes=\"auto, (max-width: 297px) 100vw, 297px\" \/><\/figure><\/div>\n\n<div class=\"wp-block-image\">\n<figure class=\"alignleft\"><img loading=\"lazy\" decoding=\"async\" width=\"297\" height=\"300\" src=\"http:\/\/arsandart.de\/cms\/wp-content\/uploads\/2016\/12\/Snips-2-297x300.jpg\" alt=\"\" class=\"wp-image-348\" srcset=\"https:\/\/arsandart.de\/cms\/wp-content\/uploads\/2016\/12\/Snips-2-297x300.jpg 297w, https:\/\/arsandart.de\/cms\/wp-content\/uploads\/2016\/12\/Snips-2.jpg 390w\" sizes=\"auto, (max-width: 297px) 100vw, 297px\" \/><\/figure><\/div>\n\n\n<p><\/p>\n\n\n\n<p><\/p>\n\n\n\n<p><\/p>\n\n\n\n<p><\/p>\n\n\n\n<p>Zwei Mini CD\u00b4s, jeweils vier Tracks unter Verarbeitung von Samples von Dorffesten und anderen Verirrungen.&nbsp; Dazu Minimalelektronische Kl\u00e4nge unter Verwendung analogen Hilfger\u00e4ts.<\/p>\n\n\n\n<h3 class=\"wp-block-heading\"><strong>Das Einzige was z\u00e4hlt, ist das MACHEN!!!&nbsp;&nbsp;&nbsp;&nbsp; Schw\u00e4tzer gibt\u00b4s genug!<\/strong><\/h3>\n\n\n\n<hr class=\"wp-block-separator has-css-opacity\"\/>\n\n\n\n<h2 class=\"wp-block-heading\">Musikalische Aktivit\u00e4ten:<\/h2>\n\n\n\n<h2 class=\"wp-block-heading\"><strong>1999 - 2003<\/strong><\/h2>\n\n\n\n<h3 class=\"wp-block-heading\">Gr\u00fcndungsmitglied der Band \u201eEl Mofuchto\u201c (Psychedelic Rock)<\/h3>\n\n\n\n<p>Finsterwalde<\/p>\n\n\n\n<h2 class=\"wp-block-heading\"><strong>2003 - 2005<\/strong><\/h2>\n\n\n\n<h3 class=\"wp-block-heading\">Mitglied der Band \u201eMounter Re Doutier\u201c (Noise Rock)<\/h3>\n\n\n\n<p>Spremberg (mit Jan Seidel)<\/p>\n\n\n\n<h2 class=\"wp-block-heading\"><strong>2006<\/strong><\/h2>\n\n\n\n<h3 class=\"wp-block-heading\">Gr\u00fcndung des Projekts \u201eLy\u00e4os\u201c (Kammernoise)<\/h3>\n\n\n\n<p>Finsterwalde<\/p>\n\n\n\n<h2 class=\"wp-block-heading\"><strong>2012<\/strong><\/h2>\n\n\n\n<h3 class=\"wp-block-heading\">Gr\u00fcndung des Projekts \u201eLeventen\u201c<\/h3>\n\n\n\n<p>(mit Marco Marschner)<\/p>\n\n\n\n<p>Finsterwalde<\/p>\n\n\n\n<h2 class=\"wp-block-heading\"><strong>2016<\/strong><\/h2>\n\n\n\n<h3 class=\"wp-block-heading\"><strong>Gr\u00fcndung des Projekts&nbsp; \"JER\u00c4\u00c4T\"<\/strong><\/h3>\n\n\n\n<p>Mein&nbsp; musikalisches Projekt f\u00fcr den Wandel in minimal - elektronischen Welten.<\/p>\n","protected":false},"excerpt":{"rendered":"<p>2024 Neues Projekt Silvester Alone Indierock zusammen mit Marco Marschner und Friedrich K\u00f6rner Zum S\u00e4ngerfest am Sonnabend, 25. August 2024 Club L86 \/ Finsterwalde \/ Oscar Kjellberg Stra\u00dfe 2023 In den ersten Junitagen 2023 erschien die CD des Cocoloco - Collectives, eine Sammlung von Songs, Bands, Projekten von Musikerinnen und Musikern aus und um Finsterwalde. <a class=\"read-more\" href=\"https:\/\/arsandart.de\/cms\/musik\/\">... weiterlesen <span class=\"meta-nav\">&rarr;<\/span><\/a><\/p>\n","protected":false},"author":3,"featured_media":0,"parent":0,"menu_order":0,"comment_status":"closed","ping_status":"closed","template":"page-templates\/full-width.php","meta":{"footnotes":""},"class_list":["post-17","page","type-page","status-publish","hentry"],"_links":{"self":[{"href":"https:\/\/arsandart.de\/cms\/wp-json\/wp\/v2\/pages\/17","targetHints":{"allow":["GET"]}}],"collection":[{"href":"https:\/\/arsandart.de\/cms\/wp-json\/wp\/v2\/pages"}],"about":[{"href":"https:\/\/arsandart.de\/cms\/wp-json\/wp\/v2\/types\/page"}],"author":[{"embeddable":true,"href":"https:\/\/arsandart.de\/cms\/wp-json\/wp\/v2\/users\/3"}],"replies":[{"embeddable":true,"href":"https:\/\/arsandart.de\/cms\/wp-json\/wp\/v2\/comments?post=17"}],"version-history":[{"count":95,"href":"https:\/\/arsandart.de\/cms\/wp-json\/wp\/v2\/pages\/17\/revisions"}],"predecessor-version":[{"id":1832,"href":"https:\/\/arsandart.de\/cms\/wp-json\/wp\/v2\/pages\/17\/revisions\/1832"}],"wp:attachment":[{"href":"https:\/\/arsandart.de\/cms\/wp-json\/wp\/v2\/media?parent=17"}],"curies":[{"name":"wp","href":"https:\/\/api.w.org\/{rel}","templated":true}]}}