{"id":19,"date":"2016-03-01T14:11:15","date_gmt":"2016-03-01T13:11:15","guid":{"rendered":"http:\/\/arsandart.de\/cms\/?page_id=19"},"modified":"2022-02-25T21:44:55","modified_gmt":"2022-02-25T20:44:55","slug":"performances","status":"publish","type":"page","link":"https:\/\/arsandart.de\/cms\/performances\/","title":{"rendered":"Performances"},"content":{"rendered":"\n<h2 class=\"wp-block-heading\">2021<\/h2>\n\n\n\n<h2 class=\"wp-block-heading\"><strong>OPEN ART LAUSITZ <\/strong>FESTIVAL 2021<\/h2>\n\n\n\n<p><strong>Sonntag, 29. August 2021: LICHT - RAUM - KLANGPERFORMANCE im P\u00fccklerdorf Gr\u00f6\u00df D\u00f6bbern, altes Pfarrhaus. Unter dem Titel \"refraction II\" verwandle ich hier einen Raum in eine magische Welt.<\/strong><\/p>\n\n\n\n<hr class=\"wp-block-separator\"\/>\n\n\n\n<h2 class=\"wp-block-heading\"><strong>ARTLAKE<\/strong> Festival 2019<\/h2>\n\n\n\n<figure class=\"wp-block-image alignnone size-medium wp-image-1307\"><img loading=\"lazy\" decoding=\"async\" width=\"300\" height=\"225\" src=\"https:\/\/arsandart.de\/cms\/wp-content\/uploads\/2019\/08\/IMG_20190808_213343-300x225.jpg\" alt=\"\" class=\"wp-image-1307\" srcset=\"https:\/\/arsandart.de\/cms\/wp-content\/uploads\/2019\/08\/IMG_20190808_213343-300x225.jpg 300w, https:\/\/arsandart.de\/cms\/wp-content\/uploads\/2019\/08\/IMG_20190808_213343-768x576.jpg 768w, https:\/\/arsandart.de\/cms\/wp-content\/uploads\/2019\/08\/IMG_20190808_213343-1024x768.jpg 1024w, https:\/\/arsandart.de\/cms\/wp-content\/uploads\/2019\/08\/IMG_20190808_213343-960x720.jpg 960w\" sizes=\"auto, (max-width: 300px) 100vw, 300px\" \/><figcaption><em>ARTLAKE FESTIVAL 2019,<br>Illumination des Kinos, Videoinstallation <\/em><br><em>ca. 45 Minuten.<\/em><\/figcaption><\/figure>\n\n\n\n<hr class=\"wp-block-separator\"\/>\n\n\n\n<h2 class=\"wp-block-heading\"><strong>Licht - Istallation<\/strong><\/h2>\n\n\n\n<h3 class=\"wp-block-heading\">23. August 2018<\/h3>\n\n\n\n<h3 class=\"wp-block-heading\">Sch\u00fctzenhaus Finsterwalde. <\/h3>\n\n\n\n<h2 class=\"wp-block-heading\"><strong>ReFACE &gt; 676 IMAGES &lt;<\/strong><\/h2>\n\n\n\n<hr class=\"wp-block-separator\"\/>\n\n\n\n<h2 class=\"wp-block-heading\"><strong>Licht - Istallation<\/strong><\/h2>\n\n\n\n<h2 class=\"wp-block-heading\"><strong>ARTLAKE&nbsp; Festival&nbsp; 16. bis 19. August 2018<\/strong><\/h2>\n\n\n\n<p><strong>Bergheider See \/ F60 \/ Lichterfeld \/ Finsterwalde \/ Niederlausitz<\/strong><\/p>\n\n\n\n<h3 class=\"wp-block-heading\"><a rel=\"noreferrer noopener\" href=\"http:\/\/artlake-festival.de\/\" target=\"_blank\"><strong>http:\/\/artlake-festival.de\/<\/strong><\/a><\/h3>\n\n\n\n<figure class=\"wp-block-image alignnone size-medium wp-image-993\"><img loading=\"lazy\" decoding=\"async\" width=\"300\" height=\"179\" src=\"http:\/\/arsandart.de\/cms\/wp-content\/uploads\/2018\/08\/ARTLAKE-300x179.jpg\" alt=\"\" class=\"wp-image-993\" srcset=\"https:\/\/arsandart.de\/cms\/wp-content\/uploads\/2018\/08\/ARTLAKE-300x179.jpg 300w, https:\/\/arsandart.de\/cms\/wp-content\/uploads\/2018\/08\/ARTLAKE.jpg 640w\" sizes=\"auto, (max-width: 300px) 100vw, 300px\" \/><figcaption><em>Still aus \"676 Images\"<br>Video, Mixed Media,<br>L\u00e4nge: 2 X 300 sec. August 2018<\/em><\/figcaption><\/figure>\n\n\n\n<hr class=\"wp-block-separator\"\/>\n\n\n\n<h2 class=\"wp-block-heading\"><strong>Licht - Istallation<\/strong><\/h2>\n\n\n\n<h2 class=\"wp-block-heading\"><strong>17. bis 20. August 2017: ARTLAKE FESTIVAL<\/strong><\/h2>\n\n\n\n<p><strong>Bergheider See\/Lichterfeld<\/strong><\/p>\n\n\n\n<h2 class=\"wp-block-heading\"><strong>ILLUMINATION&nbsp;<\/strong><\/h2>\n\n\n\n<div class=\"wp-block-image size-medium wp-image-550\"><figure class=\"aligncenter\"><img loading=\"lazy\" decoding=\"async\" width=\"300\" height=\"200\" src=\"http:\/\/arsandart.de\/cms\/wp-content\/uploads\/2016\/03\/meine-Installation-1-300x200.jpg\" alt=\"Installationsansicht \" class=\"wp-image-550\" srcset=\"https:\/\/arsandart.de\/cms\/wp-content\/uploads\/2016\/03\/meine-Installation-1-300x200.jpg 300w, https:\/\/arsandart.de\/cms\/wp-content\/uploads\/2016\/03\/meine-Installation-1.jpg 314w\" sizes=\"auto, (max-width: 300px) 100vw, 300px\" \/><figcaption><em>Installationsansicht<\/em><\/figcaption><\/figure><\/div>\n\n\n\n<div class=\"wp-block-image size-medium wp-image-549\"><figure class=\"aligncenter\"><img loading=\"lazy\" decoding=\"async\" width=\"300\" height=\"199\" src=\"http:\/\/arsandart.de\/cms\/wp-content\/uploads\/2016\/03\/meine-Illumination-auf-der-Kugel-300x199.jpg\" alt=\"Illumination\" class=\"wp-image-549\" srcset=\"https:\/\/arsandart.de\/cms\/wp-content\/uploads\/2016\/03\/meine-Illumination-auf-der-Kugel-300x199.jpg 300w, https:\/\/arsandart.de\/cms\/wp-content\/uploads\/2016\/03\/meine-Illumination-auf-der-Kugel-768x510.jpg 768w, https:\/\/arsandart.de\/cms\/wp-content\/uploads\/2016\/03\/meine-Illumination-auf-der-Kugel-1024x680.jpg 1024w, https:\/\/arsandart.de\/cms\/wp-content\/uploads\/2016\/03\/meine-Illumination-auf-der-Kugel-960x638.jpg 960w\" sizes=\"auto, (max-width: 300px) 100vw, 300px\" \/><figcaption><em>Illumination<\/em><\/figcaption><\/figure><\/div>\n\n\n\n<figure class=\"wp-block-gallery has-nested-images columns-default is-cropped wp-block-gallery-1 is-layout-flex wp-block-gallery-is-layout-flex\">\n<figure class=\"wp-block-image size-large\"><img loading=\"lazy\" decoding=\"async\" width=\"2560\" height=\"1536\" data-id=\"538\" src=\"https:\/\/arsandart.de\/cms\/wp-content\/uploads\/2016\/03\/20170817_2119541.jpg\" alt=\"\" class=\"wp-image-538\" srcset=\"https:\/\/arsandart.de\/cms\/wp-content\/uploads\/2016\/03\/20170817_2119541.jpg 2560w, https:\/\/arsandart.de\/cms\/wp-content\/uploads\/2016\/03\/20170817_2119541-300x180.jpg 300w, https:\/\/arsandart.de\/cms\/wp-content\/uploads\/2016\/03\/20170817_2119541-768x461.jpg 768w, https:\/\/arsandart.de\/cms\/wp-content\/uploads\/2016\/03\/20170817_2119541-1024x614.jpg 1024w, https:\/\/arsandart.de\/cms\/wp-content\/uploads\/2016\/03\/20170817_2119541-960x576.jpg 960w\" sizes=\"auto, (max-width: 2560px) 100vw, 2560px\" \/><\/figure>\n\n\n\n<figure class=\"wp-block-image size-large\"><img loading=\"lazy\" decoding=\"async\" width=\"2560\" height=\"1536\" data-id=\"539\" src=\"https:\/\/arsandart.de\/cms\/wp-content\/uploads\/2016\/03\/20170817_2119501.jpg\" alt=\"\" class=\"wp-image-539\" srcset=\"https:\/\/arsandart.de\/cms\/wp-content\/uploads\/2016\/03\/20170817_2119501.jpg 2560w, https:\/\/arsandart.de\/cms\/wp-content\/uploads\/2016\/03\/20170817_2119501-300x180.jpg 300w, https:\/\/arsandart.de\/cms\/wp-content\/uploads\/2016\/03\/20170817_2119501-768x461.jpg 768w, https:\/\/arsandart.de\/cms\/wp-content\/uploads\/2016\/03\/20170817_2119501-1024x614.jpg 1024w, https:\/\/arsandart.de\/cms\/wp-content\/uploads\/2016\/03\/20170817_2119501-960x576.jpg 960w\" sizes=\"auto, (max-width: 2560px) 100vw, 2560px\" \/><\/figure>\n\n\n\n<figure class=\"wp-block-image size-large\"><img loading=\"lazy\" decoding=\"async\" width=\"2560\" height=\"1536\" data-id=\"540\" src=\"https:\/\/arsandart.de\/cms\/wp-content\/uploads\/2016\/03\/20170816_2354301.jpg\" alt=\"\" class=\"wp-image-540\" srcset=\"https:\/\/arsandart.de\/cms\/wp-content\/uploads\/2016\/03\/20170816_2354301.jpg 2560w, https:\/\/arsandart.de\/cms\/wp-content\/uploads\/2016\/03\/20170816_2354301-300x180.jpg 300w, https:\/\/arsandart.de\/cms\/wp-content\/uploads\/2016\/03\/20170816_2354301-768x461.jpg 768w, https:\/\/arsandart.de\/cms\/wp-content\/uploads\/2016\/03\/20170816_2354301-1024x614.jpg 1024w, https:\/\/arsandart.de\/cms\/wp-content\/uploads\/2016\/03\/20170816_2354301-960x576.jpg 960w\" sizes=\"auto, (max-width: 2560px) 100vw, 2560px\" \/><\/figure>\n<\/figure>\n\n\n\n<hr class=\"wp-block-separator\"\/>\n\n\n\n<h2 class=\"has-text-align-left wp-block-heading\"><strong>Tanzperformance \u201eDer pl\u00f6tzliche Spaziergang\u201c (nach Franz Kafka)<\/strong><\/h2>\n\n\n\n<p><strong>2011<\/strong><\/p>\n\n\n\n<p>Tanz: Laura Siegmund und Andrea Hilbert<br>Musik: Ly\u00e4os<\/p>\n\n\n\n<p>Auff\u00fchrungen in der Galerie Grenouille\/ Gro\u00dfer Raum Finsterwalde<\/p>\n\n\n\n<hr class=\"wp-block-separator\"\/>\n\n\n\n<h2 class=\"wp-block-heading\"><strong>Tanzperformance \u201eKopfkarten Teil I\u201c<\/strong><\/h2>\n\n\n\n<p><strong>2012<\/strong><\/p>\n\n\n\n<p>Tanz: Laura Siegmund und Andrea Hilbert<br>Musik: Leventen<\/p>\n\n\n\n<p>Auff\u00fchrungen in der Galerie Grenouille\/ Gro\u00dfer Raum<\/p>\n\n\n\n<hr class=\"wp-block-separator\"\/>\n\n\n\n<h2 class=\"wp-block-heading\"><strong>Tanzperformance \"The Forest\"<\/strong><\/h2>\n\n\n\n<p><strong>2013<\/strong><\/p>\n\n\n\n<p>Tanz: Laura Siegmund<br>Musik: Ly\u00e4os<\/p>\n\n\n\n<p>11.Mai Auff\u00fchrungen Galerie Grenouille\/Gro\u00dfer Raum, Finsterwalde<\/p>\n\n\n\n<hr class=\"wp-block-separator\"\/>\n\n\n\n<h2 class=\"wp-block-heading\"><strong>Tanzperformance \"Kopfkarten Teil II\" (abgeschlossen)<\/strong><\/h2>\n\n\n\n<p><strong>2013<\/strong><\/p>\n\n\n\n<p>Tanz: Laura Siegmund und Andrea Hilbert<br>Musik: Leventen<\/p>\n\n\n\n<p>12. Januar Theaterforum Kreuzberg, Berlin<br>17. August Atelierhof Werenzhain (Musik und Performance Sommer)<\/p>\n\n\n\n<hr class=\"wp-block-separator\"\/>\n\n\n\n<h2 class=\"has-text-align-left wp-block-heading\"><strong>Tanzperformance \u201cMal sehen, was du h\u00f6rst\u201d (eine Hinf\u00fchrung zum St\u00fcck \"H\u00f6renSehen\")<\/strong><\/h2>\n\n\n\n<p><strong>2014<\/strong><\/p>\n\n\n\n<p>Tanz: Laura Siegmund<br>Musik: Leventen<\/p>\n\n\n\n<p>26. April Auff\u00fchrungen in der Galerie Grenouille\/Gro\u00dfer Raum, Finsterwalde<\/p>\n\n\n\n<hr class=\"wp-block-separator\"\/>\n\n\n\n<h2 class=\"wp-block-heading\"><strong>Tanzperformance \u201cH\u00f6renSehen\u201d<\/strong><\/h2>\n\n\n\n<p><strong>2014<\/strong><\/p>\n\n\n\n<p>Tanz: Laura Siegmund und Andrea Hilbert<br>Musik: Leventen<\/p>\n\n\n\n<p>29. August Atelierhof Werenzhain (Musik und Performance Sommer)<\/p>\n\n\n\n<hr class=\"wp-block-separator\"\/>\n\n\n\n<h2 class=\"wp-block-heading\"><strong>Licht-Raum-Klangperformance<\/strong><\/h2>\n\n\n\n<p><strong>13. September 2015<\/strong><\/p>\n\n\n\n<p>Mit dem Projekt LY\u00c4OS im Heizhaus auf dem Gel\u00e4nde der Schaeferschen Tuchfabrik\/Finsterwalde im Rahmen \"Tag des offenen Denkmals\"<\/p>\n\n\n\n<hr class=\"wp-block-separator\"\/>\n\n\n\n<h2 class=\"has-text-align-left wp-block-heading\"><strong>Finsterwalde: Lichtinstallationen zu Partys der \"Feierabendbrigade\" \/ \"Um\u00b4s Ecktival\"\/ BAU122<\/strong><\/h2>\n\n\n\n<p>2013&nbsp; Start der Reihe \"Light - spirT\" (Sch\u00fctzenhaus Finsterwalde)<\/p>\n\n\n\n<p>II: Bau122 - SpaceCUBE, &nbsp; III: Kino Regina (Finsterwalde)<\/p>\n\n\n\n<p>24. Oktober 2015 IV: Kino Regina -&nbsp; \"Rotatoren\"<\/p>\n","protected":false},"excerpt":{"rendered":"<p>2021 OPEN ART LAUSITZ FESTIVAL 2021 Sonntag, 29. August 2021: LICHT - RAUM - KLANGPERFORMANCE im P\u00fccklerdorf Gr\u00f6\u00df D\u00f6bbern, altes Pfarrhaus. Unter dem Titel \"refraction II\" verwandle ich hier einen Raum in eine magische Welt. ARTLAKE Festival 2019 Licht - Istallation 23. August 2018 Sch\u00fctzenhaus Finsterwalde. ReFACE &gt; 676 IMAGES &lt; Licht - Istallation ARTLAKE&nbsp; <a class=\"read-more\" href=\"https:\/\/arsandart.de\/cms\/performances\/\">... weiterlesen <span class=\"meta-nav\">&rarr;<\/span><\/a><\/p>\n","protected":false},"author":3,"featured_media":0,"parent":0,"menu_order":0,"comment_status":"closed","ping_status":"closed","template":"page-templates\/full-width.php","meta":{"footnotes":""},"class_list":["post-19","page","type-page","status-publish","hentry"],"_links":{"self":[{"href":"https:\/\/arsandart.de\/cms\/wp-json\/wp\/v2\/pages\/19","targetHints":{"allow":["GET"]}}],"collection":[{"href":"https:\/\/arsandart.de\/cms\/wp-json\/wp\/v2\/pages"}],"about":[{"href":"https:\/\/arsandart.de\/cms\/wp-json\/wp\/v2\/types\/page"}],"author":[{"embeddable":true,"href":"https:\/\/arsandart.de\/cms\/wp-json\/wp\/v2\/users\/3"}],"replies":[{"embeddable":true,"href":"https:\/\/arsandart.de\/cms\/wp-json\/wp\/v2\/comments?post=19"}],"version-history":[{"count":25,"href":"https:\/\/arsandart.de\/cms\/wp-json\/wp\/v2\/pages\/19\/revisions"}],"predecessor-version":[{"id":2030,"href":"https:\/\/arsandart.de\/cms\/wp-json\/wp\/v2\/pages\/19\/revisions\/2030"}],"wp:attachment":[{"href":"https:\/\/arsandart.de\/cms\/wp-json\/wp\/v2\/media?parent=19"}],"curies":[{"name":"wp","href":"https:\/\/api.w.org\/{rel}","templated":true}]}}